{"id":18213,"date":"2022-08-05T00:33:27","date_gmt":"2022-08-04T22:33:27","guid":{"rendered":"https:\/\/www.itspy.cz\/partneri\/"},"modified":"2025-06-02T12:01:49","modified_gmt":"2025-06-02T10:01:49","slug":"partneri","status":"publish","type":"page","link":"https:\/\/www.itspy.cz\/sk\/partneri\/","title":{"rendered":"Partneri"},"content":{"rendered":"\n<div class=\"wp-block-group alignfull has-lightgray-background-color has-background\">\n<h1 class=\"wp-block-heading is-style-headline\">ORGANIZ\u00c1TORI<\/h1>\n\n\n\n    <div class=\"partner\" >\n                                <figure class=\"partner_logo\">\n                                    <img decoding=\"async\" class=\"partner_image\" src=\"https:\/\/www.itspy.cz\/wp-content\/uploads\/2025\/06\/profinit_amdocs_logo_rgb_2025_default_transparent-e1748857617307.png\" alt=\"\" loading=\"lazy\" width=\"880\" height=\"352\">\n                            <\/figure>\n                        <div class=\"partner_text\">\n            <p>Spolo\u010dnos\u0165 Profinit je od roku 1998 v\u00fdznamn\u00fdm hr\u00e1\u010dom na poli application outsourcingu a information managementu. \u00daspe\u0161ne dod\u00e1vame rie\u0161enie predov\u0161etk\u00fdm v oblasti v\u00fdvoja softwaru na z\u00e1kazku, d\u00e1tov\u00fdch skladov a business intelligence z\u00e1kazn\u00edkom v Eur\u00f3pe i USA.\r\n<\/p>\n                        <a href=\"https:\/\/profinit.eu\/\" target=\"_blank\" class=\"partner_web\" rel=\"nofollow noopener\">profinit.eu<\/a>\n    \n        <\/div>\n            <\/div>\n\n\n\n\n\n    <div class=\"partner\" >\n                                <figure class=\"partner_logo\">\n                                    <img decoding=\"async\" class=\"partner_image\" src=\"https:\/\/www.itspy.cz\/wp-content\/uploads\/2022\/06\/logo_acm.png\" alt=\"acm chapter\" loading=\"lazy\" width=\"94\" height=\"94\">\n                            <\/figure>\n                        <div class=\"partner_text\">\n            <p>\r\n\r\nACM (Association for Computing Machinery) je najv\u00e4\u010d\u0161ia svetov\u00e1 vzdel\u00e1vacia a vedeck\u00e1 spolo\u010dnos\u0165, ktor\u00e1 p\u00f4sob\u00ed v oblasti v\u00fdpo\u010dtovej techniky a informa\u010dn\u00fdch technol\u00f3gi\u00ed. Podporuje \u0161\u00edrenie vedomost\u00ed v IT oblasti so zvl\u00e1\u0161tnym d\u00f4razom na v\u00fdvoj a vedu. \u010cinnos\u0165 ACM je organizovan\u00e1 v r\u00e1mci pobo\u010diek (Chapters) v USA i zahrani\u010d\u00ed. V \u010ceskej republike p\u00f4sob\u00ed ako Czech ACM Chapter a na Slovensku ako Slovakia ACM Chapter.\r\n<\/p>\n                        <a href=\"https:\/\/www.acm.org\/\" target=\"_blank\" class=\"partner_web\" rel=\"nofollow noopener\">www.acm.org<\/a>\n    \n        <\/div>\n            <\/div>\n\n\n\n\n\n\n    <div class=\"partnerLogos\" >\n                                                    <figure class=\"partnerLogos_item\">\n                                                                        <img decoding=\"async\" class=\"partnerLogos_logo\" src=\"https:\/\/www.itspy.cz\/wp-content\/uploads\/2022\/06\/cvut-2.svg\" alt=\"\u010cVUT\" loading=\"lazy\" width=\"68\" height=\"33\">\n    \n                                    <\/figure>\n                                            <figure class=\"partnerLogos_item\">\n                                                                        <img decoding=\"async\" class=\"partnerLogos_logo\" src=\"https:\/\/www.itspy.cz\/wp-content\/uploads\/2022\/06\/muni-2.svg\" alt=\"MUNI\" loading=\"lazy\" width=\"84\" height=\"24\">\n    \n                                    <\/figure>\n                                            <figure class=\"partnerLogos_item\">\n                                                                        <img decoding=\"async\" class=\"partnerLogos_logo\" src=\"https:\/\/www.itspy.cz\/wp-content\/uploads\/2022\/06\/tuke-2.svg\" alt=\"TUKE\" loading=\"lazy\" width=\"89\" height=\"31\">\n    \n                                    <\/figure>\n                                            <figure class=\"partnerLogos_item\">\n                                                                        <img decoding=\"async\" class=\"partnerLogos_logo\" src=\"https:\/\/www.itspy.cz\/wp-content\/uploads\/2022\/06\/matfyz-2.svg\" alt=\"matfyz\" loading=\"lazy\" width=\"90\" height=\"31\">\n    \n                                    <\/figure>\n                                            <figure class=\"partnerLogos_item\">\n                                                                        <img decoding=\"async\" class=\"partnerLogos_logo\" src=\"https:\/\/www.itspy.cz\/wp-content\/uploads\/2022\/06\/univerzita-komenskeho-2.svg\" alt=\"Univerzita Komensk\u00e9ho v Bratislave\" loading=\"lazy\" width=\"91\" height=\"33\">\n    \n                                    <\/figure>\n                                            <figure class=\"partnerLogos_item\">\n                                                                        <img decoding=\"async\" class=\"partnerLogos_logo\" src=\"https:\/\/www.itspy.cz\/wp-content\/uploads\/2022\/06\/tuo-2.svg\" alt=\"Technick\u00e1 univerzita Ostrava\" loading=\"lazy\" width=\"64\" height=\"25\">\n    \n                                    <\/figure>\n                                            <figure class=\"partnerLogos_item\">\n                                                                        <img decoding=\"async\" class=\"partnerLogos_logo\" src=\"https:\/\/www.itspy.cz\/wp-content\/uploads\/2022\/06\/vse-2.svg\" alt=\"V\u0160E\" loading=\"lazy\" width=\"38\" height=\"22\">\n    \n                                    <\/figure>\n                                            <figure class=\"partnerLogos_item\">\n                                                                        <img decoding=\"async\" class=\"partnerLogos_logo\" src=\"https:\/\/www.itspy.cz\/wp-content\/uploads\/2022\/06\/zuplzen-2.svg\" alt=\"Z\u00e1pado\u010desk\u00e1 univerzita v Plzni\" loading=\"lazy\" width=\"70\" height=\"32\">\n    \n                                    <\/figure>\n                                            <figure class=\"partnerLogos_item\">\n                                                                        <img decoding=\"async\" class=\"partnerLogos_logo\" src=\"https:\/\/www.itspy.cz\/wp-content\/uploads\/2022\/06\/vut-2.svg\" alt=\"Vysok\u00e9 u\u010den\u00ed technick\u00e9 v Brn\u011b\" loading=\"lazy\" width=\"74\" height=\"25\">\n    \n                                    <\/figure>\n                                            <figure class=\"partnerLogos_item\">\n                                                                        <img decoding=\"async\" class=\"partnerLogos_logo\" src=\"https:\/\/www.itspy.cz\/wp-content\/uploads\/2022\/06\/upjs-2.svg\" alt=\"Univerzita Pavla Jozefa \u0160af\u00e1rika v Ko\u0161iciach\" loading=\"lazy\" width=\"104\" height=\"24\">\n    \n                                    <\/figure>\n                                            <figure class=\"partnerLogos_item\">\n                                                                        <img decoding=\"async\" class=\"partnerLogos_logo\" src=\"https:\/\/www.itspy.cz\/wp-content\/uploads\/2022\/06\/uniza-2.svg\" alt=\"\u017dilinsk\u00e1 univerzita v \u017diline\" loading=\"lazy\" width=\"118\" height=\"29\">\n    \n                                    <\/figure>\n                        <\/div>\n\n\n<\/div>\n\n\n\n<div class=\"wp-block-group alignfull\">\n<h3 class=\"wp-block-heading is-style-\">HLAVN\u00cd PARTNERI<\/h3>\n\n\n\n    <div class=\"partner\" >\n                                <figure class=\"partner_logo\">\n                                    <img decoding=\"async\" class=\"partner_image\" src=\"https:\/\/www.itspy.cz\/wp-content\/uploads\/2023\/01\/t_logo_rgb_p-e1695816925426.png\" alt=\"\" loading=\"lazy\" width=\"150\" height=\"179\">\n                            <\/figure>\n                        <div class=\"partner_text\">\n            <p>T-Mobile ur\u010dite pozn\u00e1te ako l\u00eddra na poli telekomunik\u00e1ci\u00ed, kde poskytujeme slu\u017eby viac ako 6,3 mil. z\u00e1kazn\u00edkov, ale o poznanie menej \u013eud\u00ed sa stretlo s na\u0161imi zamestnancami, ktor\u00ed tieto slu\u017eby zais\u0165uj\u00fa. Je n\u00e1s bezm\u00e1la 2 000 a na\u0161e IT oddelenie poskytuje slu\u017eby v r\u00e1mci skupiny mnoh\u00fdm \u010fal\u0161\u00edm krajin\u00e1m v Eur\u00f3pe. Zamestn\u00e1vame u n\u00e1s, okrem in\u00e9ho, mno\u017estvo v\u00fdvoj\u00e1rov, analytikov, DevOps engineerov, a preto bol pre n\u00e1s logick\u00fd krok zapoji\u0165 sa do organizovania tejto s\u00fa\u0165a\u017ee a umo\u017eni\u0165 tak vynikn\u00fa\u0165 nov\u00fdm talentom v odbore. Logicky tak vznikla aj \u0161peci\u00e1lna cena \u201eMagenta Award for Excellence in IT\u201c.<\/p>\n                        <a href=\"https:\/\/www.t-kariera.cz\/volne-pozice\" target=\"_blank\" class=\"partner_web\" rel=\"nofollow noopener\">www.t-kariera.cz<\/a>\n    \n        <\/div>\n            <\/div>\n\n\n\n\n\n    <div class=\"partner\" >\n                                <figure class=\"partner_logo\">\n                                    <img decoding=\"async\" class=\"partner_image\" src=\"https:\/\/www.itspy.cz\/wp-content\/uploads\/2023\/10\/rb-logo-yellowoffblack-cmyk-e1698386005905.png\" alt=\"RB logo\" loading=\"lazy\" width=\"2191\" height=\"595\">\n                            <\/figure>\n                        <div class=\"partner_text\">\n            <p>Raiffeisenbank p\u00f4sob\u00ed na \u010deskom trhu od roku 1993. Dnes patr\u00edme po\u010dtom klientov medzi \u0161tyri najv\u00e4\u010d\u0161ie tuzemsk\u00e9 bankov\u00e9 skupiny a s\u00fa\u010dasne medzi banky s najspokojnej\u0161\u00edmi klientmi na tuzemskom trhu. Skupina Raiffeisen aktu\u00e1lne obsluhuje viac ako 1,9 mili\u00f3na klientov v sieti 119 pobo\u010diek po celej \u010ceskej republike a m\u00e1 viac ako 3 600 zamestnancov. V priamej spolupr\u00e1ci s klientmi vyv\u00edjame a testujeme aj svoje produkty a slu\u017eby. Raiffeisenbank chce pon\u00faka\u0165 \u0161pi\u010dkov\u00e9 a intuit\u00edvne slu\u017eby u\u013eah\u010duj\u00face \u013eu\u010fom \u017eivot predov\u0161etk\u00fdm v online svete a by\u0165 v tomto smere l\u00eddrom medzi bankov\u00fdmi skupinami v strednej Eur\u00f3pe. Digitaliz\u00e1cia bankov\u00fdch slu\u017eieb je na\u0161ou prioritou a z\u00e1kladom u\u013eah\u010dovania \u017eivota na\u0161ich klientov. Z\u00e1rove\u0148 je jedn\u00fdm z k\u013e\u00fa\u010dov\u00fdch pilierov na\u0161ej novej strat\u00e9gie udr\u017eate\u013enosti predstavenej v prvom polroku 2023. Okrem finan\u010dn\u00fdch aktiv\u00edt sa banka zap\u00e1ja do mno\u017estva vzdel\u00e1vac\u00edch, charitat\u00edvnych a kult\u00farnych projektov.<\/p>\n                        <a href=\"https:\/\/www.rb.cz\/\" target=\"_blank\" class=\"partner_web\" rel=\"nofollow noopener\">www.rb.cz<\/a>\n    \n        <\/div>\n            <\/div>\n\n\n\n\n\n<hr class=\"wp-block-separator has-alpha-channel-opacity\"\/>\n\n\n\n<h3 class=\"wp-block-heading is-style-\">PARTNERI<\/h3>\n\n\n\n    <div class=\"partner\" >\n                                <figure class=\"partner_logo\">\n                                    <img decoding=\"async\" class=\"partner_image\" src=\"https:\/\/www.itspy.cz\/wp-content\/uploads\/2022\/06\/logo_gopas.png\" alt=\"\" loading=\"lazy\" width=\"262\" height=\"60\">\n                            <\/figure>\n                        <div class=\"partner_text\">\n            <p>Po\u010d\u00edta\u010dov\u00e1 \u0161kola GOPAS je najv\u00e4\u010d\u0161\u00edm poskytovate\u013eom \u0161kolen\u00ed v oblasti informa\u010dn\u00fdch technol\u00f3gi\u00ed na \u010deskom i slovenskom trhu. Ro\u010dne absolvuje odborn\u00e9 kurzy takmer 30-tis\u00edc \u0161tudentov, z ktor\u00fdch v\u00e4\u010d\u0161inu tvoria \u0161pecialisti IT.\r\n\r\nAj napriek tomu, \u017ee p\u00f4sob\u00ed na pomerne malom trhu, patr\u00ed GOPAS k jedn\u00fdm z najv\u00e4\u010d\u0161\u00edch poskytovate\u013eov IT \u0161kolen\u00ed v Eur\u00f3pe.<\/p>\n                        <a href=\"https:\/\/www.gopas.sk\/\" target=\"_blank\" class=\"partner_web\" rel=\"nofollow noopener\">www.gopas.sk<\/a>\n    \n        <\/div>\n            <\/div>\n\n\n\n\n\n    <div class=\"partner\" >\n                                <figure class=\"partner_logo\">\n                                    <img decoding=\"async\" class=\"partner_image\" src=\"https:\/\/www.itspy.cz\/wp-content\/uploads\/2024\/05\/logo_global-assistance-002-e1716546855148.png\" alt=\"\" loading=\"lazy\" width=\"280\" height=\"163\">\n                            <\/figure>\n                        <div class=\"partner_text\">\n            <p>GLOBAL ASSISTANCE je popredn\u00e1 asisten\u010dn\u00e1 spolo\u010dnos\u0165 poskytuj\u00faca asisten\u010dn\u00e9 slu\u017eby nielen na \u010deskom trhu. Pon\u00faka podporu pri dopravn\u00fdch nehod\u00e1ch a poruch\u00e1ch vozidiel, ale aj zdravotn\u00fa asistenciu, pomoc pri havarijn\u00fdch stavoch v dom\u00e1cnosti, cykloasistenciu, pr\u00e1vne poradenstvo alebo napr. lek\u00e1ra na telef\u00f3ne \u010di videohovore. V\u010faka profesion\u00e1lnemu t\u00edmu a modern\u00fdm technol\u00f3gi\u00e1m je schopn\u00e1 poskytova\u0165 r\u00fdchle a efekt\u00edvne rie\u0161enia. Star\u00e1me sa o v\u00e1s u\u017e 20 rokov!\r\n\r\nAj napriek tomu, \u017ee p\u00f4sob\u00ed na pomerne malom trhu, patr\u00ed GOPAS k jedn\u00fdm z najv\u00e4\u010d\u0161\u00edch poskytovate\u013eov IT \u0161kolen\u00ed v Eur\u00f3pe.<\/p>\n                        <a href=\"https:\/\/www.globalassistance.cz\/\" target=\"_blank\" class=\"partner_web\" rel=\"nofollow noopener\">www.globalassistance.cz<\/a>\n    \n        <\/div>\n            <\/div>\n\n\n\n\n\n<hr class=\"wp-block-separator has-alpha-channel-opacity\"\/>\n\n\n\n<h3 class=\"wp-block-heading is-style-\">MEDI\u00c1LNI PARTNERI<\/h3>\n\n\n\n    <div class=\"partner\" >\n                                <figure class=\"partner_logo\">\n                                    <img decoding=\"async\" class=\"partner_image\" src=\"https:\/\/www.itspy.cz\/wp-content\/uploads\/2022\/06\/cnn_prima_news_logo_png.png\" alt=\"cnn_prima_news_loGO\" loading=\"lazy\" width=\"1188\" height=\"417\">\n                            <\/figure>\n                        <div class=\"partner_text\">\n            <p>CNN Prima NEWS je medi\u00e1lna multiplatforma, ktor\u00e1 zah\u0155\u0148a spravodajsk\u00fa telev\u00edziu, web, soci\u00e1lne siete a podcasty. Aj v\u010faka zameraniu na multimedi\u00e1lny obsah a prepojenie telev\u00edznej a online redakcie si za posledn\u00fdch nieko\u013eko rokov dok\u00e1zala zna\u010dka vybudova\u0165 siln\u00fa poz\u00edciu na trhu. Mesa\u010dne CNN Prima NEWS svojim spravodajstvom oslov\u00ed 7 mili\u00f3nov \u013eud\u00ed. Server CNNPrima.cz m\u00e1 mesa\u010dne priemerne takmer 3 mili\u00f3ny re\u00e1lnych u\u017e\u00edvate\u013eov a je v TOP 5 najnav\u0161tevovanej\u0161\u00edch spravodajsk\u00fdch webov v \u010cesku. Stovky tis\u00edc \u013eud\u00ed sleduj\u00fa pravidelne HLAVN\u00c9 SPR\u00c1VY, nede\u013en\u00fa PARTIU Ter\u00e9zie Tom\u00e1nkovej, publicistick\u00fd program 360\u00b0 a div\u00e1cke \u00faspechy maj\u00fa aj nov\u00e9 podcasty HLASY ZLO\u010cINU, GENER\u00c1CIA DEPRESIE \u010di Sp\u00e1lenisko \u2013 pr\u00edbehy hasi\u010dov.<\/p>\n                        <a href=\"https:\/\/cnn.iprima.cz\/\" target=\"_blank\" class=\"partner_web\" rel=\"nofollow noopener\">www.cnn.iprima.cz<\/a>\n    \n        <\/div>\n            <\/div>\n\n\n\n\n\n    <div class=\"partner\" >\n                                <figure class=\"partner_logo\">\n                                    <img decoding=\"async\" class=\"partner_image\" src=\"https:\/\/www.itspy.cz\/wp-content\/uploads\/2024\/03\/cro_radiopraha_h_black.png\" alt=\"radio praha\" loading=\"lazy\" width=\"1231\" height=\"312\">\n                            <\/figure>\n                        <div class=\"partner_text\">\n            <p>Modern\u00e1 metropolitn\u00e1 verejnopr\u00e1vna rozhlasov\u00e1 stanica pre Prahu, R\u00e1dio Praha.\r\n \r\nR\u00e1dio Praha vysiela pre obyvate\u013eov hlavn\u00e9ho mesta a jeho okolia, zameriava sa predov\u0161etk\u00fdm na \u013eud\u00ed s akt\u00edvnym sp\u00f4sobom \u017eivota a na vodi\u010dov. Spr\u00e1vy m\u00f4\u017eete po\u010d\u00fava\u0165 ka\u017ed\u00fa polhodinu a inform\u00e1cie z pra\u017eskej dopravy ka\u017ed\u00fdch 15 min\u00fat. Spravodajsk\u00e9 vstupy sa vysielaj\u00fa v priebehu cel\u00e9ho d\u0148a a pon\u00fakaj\u00fa aktu\u00e1lne pra\u017esk\u00e9 t\u00e9my, \u0161port, preh\u013ead tla\u010de a samozrejme predpove\u010f po\u010dasia. \u010co sa t\u00fdka hudby, vysiela R\u00e1dio Praha hity posledn\u00fdch 20 rokov. V programoch Hos\u0165 Lenky Vahalovej a A\u017e na dre\u0148 m\u00f4\u017eete po\u010du\u0165 zauj\u00edmav\u00e9 osobnosti. V programe K veci \u0160t\u011bp\u00e1nky Duchkovej diskutuje moder\u00e1torka s v\u00fdznamn\u00fdmi z\u00e1stupcami verejn\u00e9ho \u017eivota nad aktu\u00e1lnymi pra\u017esk\u00fdmi t\u00e9mami.<\/p>\n                        <a href=\"https:\/\/praha.rozhlas.cz\/\" target=\"_blank\" class=\"partner_web\" rel=\"nofollow noopener\">www.praha.rozhlas.cz<\/a>\n    \n        <\/div>\n            <\/div>\n\n\n\n\n\n    \n\n\n\n    <div class=\"partner\" >\n                                <figure class=\"partner_logo\">\n                                    <img decoding=\"async\" class=\"partner_image\" src=\"https:\/\/www.itspy.cz\/wp-content\/uploads\/2022\/06\/logo_it_systems.png\" alt=\"\" loading=\"lazy\" width=\"200\" height=\"53\">\n                            <\/figure>\n                        <div class=\"partner_text\">\n            <p>\u010casopis IT Systems vych\u00e1dza u\u017e 18 rokov a oslovuje najm\u00e4 IT mana\u017e\u00e9rov, ktor\u00ed potrebuj\u00fa ma\u0165 preh\u013ead o aktu\u00e1lnej ponuke a trendoch v oblasti podnikov\u00fdch aplik\u00e1ci\u00ed a rie\u0161en\u00ed. S\u00fa\u010dasne pom\u00e1ha IT profesion\u00e1lom efekt\u00edvne riadi\u0165 IT v s\u00falade s potrebami biznisu.<\/p>\n                        <a href=\"https:\/\/www.systemonline.cz\/\" target=\"_blank\" class=\"partner_web\" rel=\"nofollow noopener\">www.systemonline.cz<\/a>\n    \n        <\/div>\n            <\/div>\n\n\n\n\n\n    \n\n\n\n<hr class=\"wp-block-separator has-alpha-channel-opacity\"\/>\n\n\n\n<h3 class=\"wp-block-heading is-style-\">Z\u00c1\u0160TITU POSKYTLI<\/h3>\n\n\n\n\n    <div class=\"partnerLogos\" >\n                                                    <figure class=\"partnerLogos_item\">\n                                            <img decoding=\"async\" class=\"partnerLogos_logo\" src=\"https:\/\/www.itspy.cz\/wp-content\/uploads\/2025\/05\/zastita_prezidenta_vetsi-01.png\" alt=\"\" loading=\"lazy\" width=\"417\" height=\"119\">\n                                    <\/figure>\n                                            <figure class=\"partnerLogos_item\">\n                                            <img decoding=\"async\" class=\"partnerLogos_logo\" src=\"https:\/\/www.itspy.cz\/wp-content\/uploads\/2022\/06\/logo_msmt.png\" alt=\"\" loading=\"lazy\" width=\"174\" height=\"86\">\n                                    <\/figure>\n                                            <figure class=\"partnerLogos_item\">\n                                            <img decoding=\"async\" class=\"partnerLogos_logo\" src=\"https:\/\/www.itspy.cz\/wp-content\/uploads\/2022\/06\/logo_mpo.png\" alt=\"\" loading=\"lazy\" width=\"172\" height=\"87\">\n                                    <\/figure>\n                                            <figure class=\"partnerLogos_item\">\n                                            <img decoding=\"async\" class=\"partnerLogos_logo\" src=\"https:\/\/www.itspy.cz\/wp-content\/uploads\/2025\/04\/mpsv_logo_vyska.png\" alt=\"Ministerstvo pr\u00e1ce a soci\u00e1ln\u00edch v\u011bc\u00ed\" loading=\"lazy\" width=\"200\" height=\"117\">\n                                    <\/figure>\n                                            <figure class=\"partnerLogos_item\">\n                                            <img decoding=\"async\" class=\"partnerLogos_logo\" src=\"https:\/\/www.itspy.cz\/wp-content\/uploads\/2022\/06\/logo_mssr.png\" alt=\"minedu\" loading=\"lazy\" width=\"175\" height=\"55\">\n                                    <\/figure>\n                                            <figure class=\"partnerLogos_item\">\n                                            <img decoding=\"async\" class=\"partnerLogos_logo\" src=\"https:\/\/www.itspy.cz\/wp-content\/uploads\/2023\/05\/hk_cr_-logo_cz-logo_zakladni-e1686049352540.png\" alt=\"HK\" loading=\"lazy\" width=\"175\" height=\"50\">\n                                    <\/figure>\n                                            <figure class=\"partnerLogos_item\">\n                                            <img decoding=\"async\" class=\"partnerLogos_logo\" src=\"https:\/\/www.itspy.cz\/wp-content\/uploads\/2022\/08\/logo_nukib.png\" alt=\"\" loading=\"lazy\" width=\"212\" height=\"43\">\n                                    <\/figure>\n                                            <figure class=\"partnerLogos_item\">\n                                            <img decoding=\"async\" class=\"partnerLogos_logo\" src=\"https:\/\/www.itspy.cz\/wp-content\/uploads\/2022\/06\/logo_kint.png\" alt=\"\" loading=\"lazy\" width=\"199\" height=\"107\">\n                                    <\/figure>\n                        <\/div>\n\n\n\n\n\n\n    <div class=\"accordion js-accordion is-style-allres \" >\n        <h4 class=\"accordion_heading js-accordion_opener\">\n            <!-- Use exactly this structure, do not add any whitespace character! Otherwise arrow may break to a new line alone. -->\n            Zobrazi\u0165 jednotliv\u00e9 patron\u00e1ty<span class=\"accordion_arrowWrap\">&#xfeff;<svg class=\"ico ico__chevron-down accordion_arrow\">\n\t\t\t\t\t\t\t\t<use xlink:href=\"https:\/\/www.itspy.cz\/wp-content\/themes\/itspy\/assets\/img\/sprite.svg?ver=1763542480#chevron-down\"><\/use>\n\t\t\t\t\t\t\t<\/svg><\/span>\n        <\/h4>\n        <div class=\"accordion_content\">\n            \n\n<figure class=\"wp-block-gallery has-nested-images columns-default wp-block-gallery-1\">\n<figure class=\"wp-block-image size-full\"><a href=\"https:\/\/www.itspy.cz\/wp-content\/uploads\/2025\/05\/it_spy_2025_zastita_prezidenta.jpg\"><img loading=\"lazy\" decoding=\"async\" width=\"417\" height=\"119\" data-id=\"24884\" src=\"https:\/\/www.itspy.cz\/wp-content\/uploads\/2025\/05\/zastita_prezidenta_vetsi-01.png\" alt=\"Z&#xE1;&#x161;tita prezidenta &#x10C;eskej republiky nad projektom ITSPY 2025\" class=\"wp-image-24884\" srcset=\"https:\/\/www.itspy.cz\/wp-content\/uploads\/2025\/05\/zastita_prezidenta_vetsi-01.png 417w, https:\/\/www.itspy.cz\/wp-content\/uploads\/2025\/05\/zastita_prezidenta_vetsi-01-282x80.png 282w, https:\/\/www.itspy.cz\/wp-content\/uploads\/2025\/05\/zastita_prezidenta_vetsi-01-191x55.png 191w, https:\/\/www.itspy.cz\/wp-content\/uploads\/2025\/05\/zastita_prezidenta_vetsi-01-270x77.png 270w\" sizes=\"auto, (max-width: 417px) 100vw, 417px\" \/><\/a><\/figure>\n\n\n\n<figure class=\"wp-block-image size-large\"><a href=\"https:\/\/www.itspy.cz\/wp-content\/uploads\/2025\/05\/diplom_msmt.jpg\"><img loading=\"lazy\" decoding=\"async\" width=\"1241\" height=\"1754\" data-id=\"24871\" src=\"https:\/\/www.itspy.cz\/wp-content\/uploads\/2025\/05\/diplom_msmt.jpg\" alt=\"Z&#xE1;&#x161;tita nad ITSPY 2025 M&#x160;MT\" class=\"wp-image-24871\" srcset=\"https:\/\/www.itspy.cz\/wp-content\/uploads\/2025\/05\/diplom_msmt.jpg 1241w, https:\/\/www.itspy.cz\/wp-content\/uploads\/2025\/05\/diplom_msmt-760x1074.jpg 760w, https:\/\/www.itspy.cz\/wp-content\/uploads\/2025\/05\/diplom_msmt-282x399.jpg 282w, https:\/\/www.itspy.cz\/wp-content\/uploads\/2025\/05\/diplom_msmt-920x1300.jpg 920w, https:\/\/www.itspy.cz\/wp-content\/uploads\/2025\/05\/diplom_msmt-191x270.jpg 191w, https:\/\/www.itspy.cz\/wp-content\/uploads\/2025\/05\/diplom_msmt-270x382.jpg 270w, https:\/\/www.itspy.cz\/wp-content\/uploads\/2025\/05\/diplom_msmt-297x420.jpg 297w\" sizes=\"auto, (max-width: 1241px) 100vw, 1241px\" \/><\/a><\/figure>\n\n\n\n<figure class=\"wp-block-image size-large\"><a href=\"https:\/\/www.itspy.cz\/wp-content\/uploads\/2022\/06\/zastita_2025_hospodarska_komora_2.jpg\"><img loading=\"lazy\" decoding=\"async\" width=\"1754\" height=\"1241\" data-id=\"24769\" src=\"https:\/\/www.itspy.cz\/wp-content\/uploads\/2022\/06\/zastita_2025_hospodarska_komora_2.jpg\" alt=\"Z&#xE1;&#x161;tita pre ITSPY 2025 &#x10C;esk&#xE1; obchodn&#xE1; komora\" class=\"wp-image-24769\" srcset=\"https:\/\/www.itspy.cz\/wp-content\/uploads\/2022\/06\/zastita_2025_hospodarska_komora_2.jpg 1754w, https:\/\/www.itspy.cz\/wp-content\/uploads\/2022\/06\/zastita_2025_hospodarska_komora_2-760x538.jpg 760w, https:\/\/www.itspy.cz\/wp-content\/uploads\/2022\/06\/zastita_2025_hospodarska_komora_2-282x200.jpg 282w, https:\/\/www.itspy.cz\/wp-content\/uploads\/2022\/06\/zastita_2025_hospodarska_komora_2-920x651.jpg 920w, https:\/\/www.itspy.cz\/wp-content\/uploads\/2022\/06\/zastita_2025_hospodarska_komora_2-191x135.jpg 191w, https:\/\/www.itspy.cz\/wp-content\/uploads\/2022\/06\/zastita_2025_hospodarska_komora_2-270x191.jpg 270w, https:\/\/www.itspy.cz\/wp-content\/uploads\/2022\/06\/zastita_2025_hospodarska_komora_2-420x297.jpg 420w\" sizes=\"auto, (max-width: 1754px) 100vw, 1754px\" \/><\/a><\/figure>\n\n\n\n<figure class=\"wp-block-image size-large\"><a href=\"https:\/\/www.itspy.cz\/wp-content\/uploads\/2022\/06\/zastita_2025_ministerstvo_prumyslu_a_obchodu2.jpg\"><img loading=\"lazy\" decoding=\"async\" width=\"1248\" height=\"1760\" data-id=\"24766\" src=\"https:\/\/www.itspy.cz\/wp-content\/uploads\/2022\/06\/zastita_2025_ministerstvo_prumyslu_a_obchodu2.jpg\" alt=\"Z&#xE1;&#x161;tita pre ITSPY 2025 Ministerstvo priemyslu a obchodu\" class=\"wp-image-24766\" srcset=\"https:\/\/www.itspy.cz\/wp-content\/uploads\/2022\/06\/zastita_2025_ministerstvo_prumyslu_a_obchodu2.jpg 1248w, https:\/\/www.itspy.cz\/wp-content\/uploads\/2022\/06\/zastita_2025_ministerstvo_prumyslu_a_obchodu2-760x1072.jpg 760w, https:\/\/www.itspy.cz\/wp-content\/uploads\/2022\/06\/zastita_2025_ministerstvo_prumyslu_a_obchodu2-282x398.jpg 282w, https:\/\/www.itspy.cz\/wp-content\/uploads\/2022\/06\/zastita_2025_ministerstvo_prumyslu_a_obchodu2-920x1297.jpg 920w, https:\/\/www.itspy.cz\/wp-content\/uploads\/2022\/06\/zastita_2025_ministerstvo_prumyslu_a_obchodu2-191x269.jpg 191w, https:\/\/www.itspy.cz\/wp-content\/uploads\/2022\/06\/zastita_2025_ministerstvo_prumyslu_a_obchodu2-270x381.jpg 270w, https:\/\/www.itspy.cz\/wp-content\/uploads\/2022\/06\/zastita_2025_ministerstvo_prumyslu_a_obchodu2-298x420.jpg 298w\" sizes=\"auto, (max-width: 1248px) 100vw, 1248px\" \/><\/a><\/figure>\n\n\n\n<figure class=\"wp-block-image size-large\"><a href=\"https:\/\/www.itspy.cz\/wp-content\/uploads\/2022\/06\/itspy_2025_zastita_jurecka.jpg\"><img loading=\"lazy\" decoding=\"async\" width=\"1240\" height=\"1754\" data-id=\"24787\" src=\"https:\/\/www.itspy.cz\/wp-content\/uploads\/2022\/06\/itspy_2025_zastita_jurecka.jpg\" alt=\"Z&#xE1;&#x161;tita ministra pr&#xE1;ce a soci&#xE1;lnych vec&#xED; Jure&#x10D;ku nad projektom ITSPY 2025\" class=\"wp-image-24787\" srcset=\"https:\/\/www.itspy.cz\/wp-content\/uploads\/2022\/06\/itspy_2025_zastita_jurecka.jpg 1240w, https:\/\/www.itspy.cz\/wp-content\/uploads\/2022\/06\/itspy_2025_zastita_jurecka-760x1075.jpg 760w, https:\/\/www.itspy.cz\/wp-content\/uploads\/2022\/06\/itspy_2025_zastita_jurecka-282x399.jpg 282w, https:\/\/www.itspy.cz\/wp-content\/uploads\/2022\/06\/itspy_2025_zastita_jurecka-920x1301.jpg 920w, https:\/\/www.itspy.cz\/wp-content\/uploads\/2022\/06\/itspy_2025_zastita_jurecka-191x270.jpg 191w, https:\/\/www.itspy.cz\/wp-content\/uploads\/2022\/06\/itspy_2025_zastita_jurecka-270x382.jpg 270w, https:\/\/www.itspy.cz\/wp-content\/uploads\/2022\/06\/itspy_2025_zastita_jurecka-297x420.jpg 297w\" sizes=\"auto, (max-width: 1240px) 100vw, 1240px\" \/><\/a><\/figure>\n\n\n\n<figure class=\"wp-block-image size-large\"><a href=\"https:\/\/www.itspy.cz\/wp-content\/uploads\/2022\/06\/zastita-it-spy2025-minedu_sr.jpg\"><img loading=\"lazy\" decoding=\"async\" width=\"1240\" height=\"1753\" data-id=\"24820\" src=\"https:\/\/www.itspy.cz\/wp-content\/uploads\/2022\/06\/zastita-it-spy2025-minedu_sr.jpg\" alt=\"Z&#xE1;&#x161;tita ministra &#x161;kolstva, v&#xFD;skumu, v&#xFD;voja a ml&#xE1;de&#x17E;e SR nad ITSPY 2025\" class=\"wp-image-24820\" srcset=\"https:\/\/www.itspy.cz\/wp-content\/uploads\/2022\/06\/zastita-it-spy2025-minedu_sr.jpg 1240w, https:\/\/www.itspy.cz\/wp-content\/uploads\/2022\/06\/zastita-it-spy2025-minedu_sr-760x1074.jpg 760w, https:\/\/www.itspy.cz\/wp-content\/uploads\/2022\/06\/zastita-it-spy2025-minedu_sr-282x399.jpg 282w, https:\/\/www.itspy.cz\/wp-content\/uploads\/2022\/06\/zastita-it-spy2025-minedu_sr-920x1301.jpg 920w, https:\/\/www.itspy.cz\/wp-content\/uploads\/2022\/06\/zastita-it-spy2025-minedu_sr-191x270.jpg 191w, https:\/\/www.itspy.cz\/wp-content\/uploads\/2022\/06\/zastita-it-spy2025-minedu_sr-270x382.jpg 270w, https:\/\/www.itspy.cz\/wp-content\/uploads\/2022\/06\/zastita-it-spy2025-minedu_sr-297x420.jpg 297w\" sizes=\"auto, (max-width: 1240px) 100vw, 1240px\" \/><\/a><\/figure>\n\n\n\n<figure class=\"wp-block-image size-large\"><img loading=\"lazy\" decoding=\"async\" width=\"1241\" height=\"1754\" data-id=\"24935\" src=\"https:\/\/www.itspy.cz\/wp-content\/uploads\/2025\/05\/certifikat_it-spy-2025.jpg\" alt=\"\" class=\"wp-image-24935\" srcset=\"https:\/\/www.itspy.cz\/wp-content\/uploads\/2025\/05\/certifikat_it-spy-2025.jpg 1241w, https:\/\/www.itspy.cz\/wp-content\/uploads\/2025\/05\/certifikat_it-spy-2025-760x1074.jpg 760w, https:\/\/www.itspy.cz\/wp-content\/uploads\/2025\/05\/certifikat_it-spy-2025-282x399.jpg 282w, https:\/\/www.itspy.cz\/wp-content\/uploads\/2025\/05\/certifikat_it-spy-2025-920x1300.jpg 920w, https:\/\/www.itspy.cz\/wp-content\/uploads\/2025\/05\/certifikat_it-spy-2025-191x270.jpg 191w, https:\/\/www.itspy.cz\/wp-content\/uploads\/2025\/05\/certifikat_it-spy-2025-270x382.jpg 270w, https:\/\/www.itspy.cz\/wp-content\/uploads\/2025\/05\/certifikat_it-spy-2025-297x420.jpg 297w\" sizes=\"auto, (max-width: 1241px) 100vw, 1241px\" \/><\/figure>\n<\/figure>\n\n\n        <\/div>\n    <\/div>\n\n\n<\/div>\n","protected":false},"excerpt":{"rendered":"<p>ORGANIZ\u00c1TORI HLAVN\u00cd PARTNERI PARTNERI MEDI\u00c1LNI PARTNERI Z\u00c1\u0160TITU POSKYTLI<\/p>\n","protected":false},"author":1,"featured_media":0,"parent":0,"menu_order":0,"comment_status":"closed","ping_status":"closed","template":"","meta":{"_acf_changed":false,"footnotes":"","_links_to":"","_links_to_target":""},"class_list":["post-18213","page","type-page","status-publish","hentry"],"acf":[],"_links":{"self":[{"href":"https:\/\/www.itspy.cz\/sk\/wp-json\/wp\/v2\/pages\/18213","targetHints":{"allow":["GET"]}}],"collection":[{"href":"https:\/\/www.itspy.cz\/sk\/wp-json\/wp\/v2\/pages"}],"about":[{"href":"https:\/\/www.itspy.cz\/sk\/wp-json\/wp\/v2\/types\/page"}],"author":[{"embeddable":true,"href":"https:\/\/www.itspy.cz\/sk\/wp-json\/wp\/v2\/users\/1"}],"replies":[{"embeddable":true,"href":"https:\/\/www.itspy.cz\/sk\/wp-json\/wp\/v2\/comments?post=18213"}],"version-history":[{"count":0,"href":"https:\/\/www.itspy.cz\/sk\/wp-json\/wp\/v2\/pages\/18213\/revisions"}],"wp:attachment":[{"href":"https:\/\/www.itspy.cz\/sk\/wp-json\/wp\/v2\/media?parent=18213"}],"curies":[{"name":"wp","href":"https:\/\/api.w.org\/{rel}","templated":true}]}}